{"id":121,"date":"2020-09-30T00:35:53","date_gmt":"2020-09-29T22:35:53","guid":{"rendered":"https:\/\/galilee.eedf.fr\/wp\/leclanpain\/?page_id=121"},"modified":"2024-06-23T12:42:10","modified_gmt":"2024-06-23T10:42:10","slug":"contacter-le-clan-pain","status":"publish","type":"page","link":"https:\/\/galilee.eedf.fr\/wp\/leclanpain\/contacter-le-clan-pain\/","title":{"rendered":"Contacter le Clan Pain"},"content":{"rendered":"\n<p>Pour nous proposer d&rsquo;intervenir sur un \u00e9v\u00e8nement \u00e9cl\u00e9, pour rejoindre la team, pour &#8230; vas-y<\/p>\n\n\n\n<p>Tu peux t\u00e9l\u00e9charger <a href=\"https:\/\/galilee.eedf.fr\/seafile\/f\/ca3accfbc78a49fe9fb7\/?dl=1\">ici le calendrier d&rsquo;utilisation<\/a> du four (y figurent les dates o\u00f9 c&rsquo;est s\u00fbr qu&rsquo;il ne sera pas dispo parce qu&rsquo;on s&rsquo;est d\u00e9j\u00e0 engag\u00e9-es).<\/p>\n\n\n\n<p>Pour ton info, on intervient surtout aux EEDF et dans les asso d&rsquo;\u00e9duc pop, et quelques fois par an : si tu veux vraiment apprendre au long cours la boulange, faire un stage long, sans doute qu&rsquo;on est pas les bonnes personnes, et qu&rsquo;il vaut mieux contacter <a href=\"https:\/\/umap.openstreetmap.fr\/fr\/map\/ibm-internationale-boulangere-mobilisee_201135#5\/47.725\/6.943\">d&rsquo;autres personnes de l&rsquo;IBM<\/a><\/p>\n\n\n\n<div class=\"wpcf7 no-js\" id=\"wpcf7-f55-o1\" lang=\"fr-FR\" dir=\"ltr\" data-wpcf7-id=\"55\">\n<div class=\"screen-reader-response\"><p role=\"status\" aria-live=\"polite\" aria-atomic=\"true\"><\/p> <ul><\/ul><\/div>\n<form action=\"\/wp\/leclanpain\/wp-json\/wp\/v2\/pages\/121#wpcf7-f55-o1\" method=\"post\" class=\"wpcf7-form init\" aria-label=\"Formulaire de contact\" novalidate=\"novalidate\" data-status=\"init\">\n<fieldset class=\"hidden-fields-container\"><input type=\"hidden\" name=\"_wpcf7\" value=\"55\" \/><input type=\"hidden\" name=\"_wpcf7_version\" value=\"6.1.5\" \/><input type=\"hidden\" name=\"_wpcf7_locale\" value=\"fr_FR\" \/><input type=\"hidden\" name=\"_wpcf7_unit_tag\" value=\"wpcf7-f55-o1\" \/><input type=\"hidden\" name=\"_wpcf7_container_post\" value=\"0\" \/><input type=\"hidden\" name=\"_wpcf7_posted_data_hash\" value=\"\" \/>\n<\/fieldset>\n<p><label> Votre nom (obligatoire)<br \/>\n<span class=\"wpcf7-form-control-wrap\" data-name=\"your-name\"><input size=\"40\" maxlength=\"400\" class=\"wpcf7-form-control wpcf7-text wpcf7-validates-as-required\" aria-required=\"true\" aria-invalid=\"false\" value=\"\" type=\"text\" name=\"your-name\" \/><\/span> <\/label>\n<\/p>\n<p><label> Votre adresse de messagerie (obligatoire)<br \/>\n<span class=\"wpcf7-form-control-wrap\" data-name=\"your-email\"><input size=\"40\" maxlength=\"400\" class=\"wpcf7-form-control wpcf7-email wpcf7-validates-as-required wpcf7-text wpcf7-validates-as-email\" aria-required=\"true\" aria-invalid=\"false\" value=\"\" type=\"email\" name=\"your-email\" \/><\/span> <\/label>\n<\/p>\n<p><label> Votre message<br \/>\n<span class=\"wpcf7-form-control-wrap\" data-name=\"your-message\"><textarea cols=\"40\" rows=\"10\" maxlength=\"2000\" class=\"wpcf7-form-control wpcf7-textarea\" aria-invalid=\"false\" name=\"your-message\"><\/textarea><\/span> <\/label>\n<\/p>\n<p><input class=\"wpcf7-form-control wpcf7-submit has-spinner\" type=\"submit\" value=\"Envoyer\" \/>\n<\/p><div class=\"wpcf7-response-output\" aria-hidden=\"true\"><\/div>\n<\/form>\n<\/div>\n\n","protected":false},"excerpt":{"rendered":"<p>Pour nous proposer d&rsquo;intervenir sur un \u00e9v\u00e8nement \u00e9cl\u00e9, pour rejoindre la team, pour &#8230; vas-y Tu peux t\u00e9l\u00e9charger ici le calendrier d&rsquo;utilisation du four (y figurent les dates o\u00f9 c&rsquo;est s\u00fbr qu&rsquo;il ne sera pas dispo parce qu&rsquo;on s&rsquo;est d\u00e9j\u00e0 engag\u00e9-es). Pour ton info, on intervient surtout aux EEDF et dans les asso d&rsquo;\u00e9duc pop, [&hellip;]<\/p>\n","protected":false},"author":6,"featured_media":0,"parent":0,"menu_order":0,"comment_status":"closed","ping_status":"closed","template":"","meta":{"footnotes":""},"class_list":["post-121","page","type-page","status-publish","hentry"],"yoast_head":"<!-- This site is optimized with the Yoast SEO plugin v27.5 - https:\/\/yoast.com\/product\/yoast-seo-wordpress\/ -->\n<title>Contacter le Clan Pain - Le Clan Pain<\/title>\n<meta name=\"robots\" content=\"index, follow, max-snippet:-1, max-image-preview:large, max-video-preview:-1\" \/>\n<link rel=\"canonical\" href=\"https:\/\/galilee.eedf.fr\/wp\/leclanpain\/contacter-le-clan-pain\/\" \/>\n<meta property=\"og:locale\" content=\"fr_FR\" \/>\n<meta property=\"og:type\" content=\"article\" \/>\n<meta property=\"og:title\" content=\"Contacter le Clan Pain - Le Clan Pain\" \/>\n<meta property=\"og:description\" content=\"Pour nous proposer d&rsquo;intervenir sur un \u00e9v\u00e8nement \u00e9cl\u00e9, pour rejoindre la team, pour &#8230; vas-y Tu peux t\u00e9l\u00e9charger ici le calendrier d&rsquo;utilisation du four (y figurent les dates o\u00f9 c&rsquo;est s\u00fbr qu&rsquo;il ne sera pas dispo parce qu&rsquo;on s&rsquo;est d\u00e9j\u00e0 engag\u00e9-es). Pour ton info, on intervient surtout aux EEDF et dans les asso d&rsquo;\u00e9duc pop, [&hellip;]\" \/>\n<meta property=\"og:url\" content=\"https:\/\/galilee.eedf.fr\/wp\/leclanpain\/contacter-le-clan-pain\/\" \/>\n<meta property=\"og:site_name\" content=\"Le Clan Pain\" \/>\n<meta property=\"article:modified_time\" content=\"2024-06-23T10:42:10+00:00\" \/>\n<meta name=\"twitter:card\" content=\"summary_large_image\" \/>\n<meta name=\"twitter:label1\" content=\"Dur\u00e9e de lecture estim\u00e9e\" \/>\n\t<meta name=\"twitter:data1\" content=\"1 minute\" \/>\n<script type=\"application\/ld+json\" class=\"yoast-schema-graph\">{\"@context\":\"https:\\\/\\\/schema.org\",\"@graph\":[{\"@type\":\"WebPage\",\"@id\":\"https:\\\/\\\/galilee.eedf.fr\\\/wp\\\/leclanpain\\\/contacter-le-clan-pain\\\/\",\"url\":\"https:\\\/\\\/galilee.eedf.fr\\\/wp\\\/leclanpain\\\/contacter-le-clan-pain\\\/\",\"name\":\"Contacter le Clan Pain - Le Clan Pain\",\"isPartOf\":{\"@id\":\"https:\\\/\\\/galilee.eedf.fr\\\/wp\\\/leclanpain\\\/#website\"},\"datePublished\":\"2020-09-29T22:35:53+00:00\",\"dateModified\":\"2024-06-23T10:42:10+00:00\",\"breadcrumb\":{\"@id\":\"https:\\\/\\\/galilee.eedf.fr\\\/wp\\\/leclanpain\\\/contacter-le-clan-pain\\\/#breadcrumb\"},\"inLanguage\":\"fr-FR\",\"potentialAction\":[{\"@type\":\"ReadAction\",\"target\":[\"https:\\\/\\\/galilee.eedf.fr\\\/wp\\\/leclanpain\\\/contacter-le-clan-pain\\\/\"]}]},{\"@type\":\"BreadcrumbList\",\"@id\":\"https:\\\/\\\/galilee.eedf.fr\\\/wp\\\/leclanpain\\\/contacter-le-clan-pain\\\/#breadcrumb\",\"itemListElement\":[{\"@type\":\"ListItem\",\"position\":1,\"name\":\"Accueil\",\"item\":\"https:\\\/\\\/galilee.eedf.fr\\\/wp\\\/leclanpain\\\/\"},{\"@type\":\"ListItem\",\"position\":2,\"name\":\"Contacter le Clan Pain\"}]},{\"@type\":\"WebSite\",\"@id\":\"https:\\\/\\\/galilee.eedf.fr\\\/wp\\\/leclanpain\\\/#website\",\"url\":\"https:\\\/\\\/galilee.eedf.fr\\\/wp\\\/leclanpain\\\/\",\"name\":\"Le Clan Pain\",\"description\":\"Boulange mobile et p\u00e9dagogique\",\"publisher\":{\"@id\":\"https:\\\/\\\/galilee.eedf.fr\\\/wp\\\/leclanpain\\\/#organization\"},\"potentialAction\":[{\"@type\":\"SearchAction\",\"target\":{\"@type\":\"EntryPoint\",\"urlTemplate\":\"https:\\\/\\\/galilee.eedf.fr\\\/wp\\\/leclanpain\\\/?s={search_term_string}\"},\"query-input\":{\"@type\":\"PropertyValueSpecification\",\"valueRequired\":true,\"valueName\":\"search_term_string\"}}],\"inLanguage\":\"fr-FR\"},{\"@type\":\"Organization\",\"@id\":\"https:\\\/\\\/galilee.eedf.fr\\\/wp\\\/leclanpain\\\/#organization\",\"name\":\"Association \u00c9claireuses \u00c9claireurs de France Midi-Pyr\u00e9n\u00e9es\",\"url\":\"https:\\\/\\\/galilee.eedf.fr\\\/wp\\\/leclanpain\\\/\",\"logo\":{\"@type\":\"ImageObject\",\"inLanguage\":\"fr-FR\",\"@id\":\"https:\\\/\\\/galilee.eedf.fr\\\/wp\\\/leclanpain\\\/#\\\/schema\\\/logo\\\/image\\\/\",\"url\":\"\",\"contentUrl\":\"\",\"caption\":\"Association \u00c9claireuses \u00c9claireurs de France Midi-Pyr\u00e9n\u00e9es\"},\"image\":{\"@id\":\"https:\\\/\\\/galilee.eedf.fr\\\/wp\\\/leclanpain\\\/#\\\/schema\\\/logo\\\/image\\\/\"}}]}<\/script>\n<!-- \/ Yoast SEO plugin. -->","yoast_head_json":{"title":"Contacter le Clan Pain - Le Clan Pain","robots":{"index":"index","follow":"follow","max-snippet":"max-snippet:-1","max-image-preview":"max-image-preview:large","max-video-preview":"max-video-preview:-1"},"canonical":"https:\/\/galilee.eedf.fr\/wp\/leclanpain\/contacter-le-clan-pain\/","og_locale":"fr_FR","og_type":"article","og_title":"Contacter le Clan Pain - Le Clan Pain","og_description":"Pour nous proposer d&rsquo;intervenir sur un \u00e9v\u00e8nement \u00e9cl\u00e9, pour rejoindre la team, pour &#8230; vas-y Tu peux t\u00e9l\u00e9charger ici le calendrier d&rsquo;utilisation du four (y figurent les dates o\u00f9 c&rsquo;est s\u00fbr qu&rsquo;il ne sera pas dispo parce qu&rsquo;on s&rsquo;est d\u00e9j\u00e0 engag\u00e9-es). Pour ton info, on intervient surtout aux EEDF et dans les asso d&rsquo;\u00e9duc pop, [&hellip;]","og_url":"https:\/\/galilee.eedf.fr\/wp\/leclanpain\/contacter-le-clan-pain\/","og_site_name":"Le Clan Pain","article_modified_time":"2024-06-23T10:42:10+00:00","twitter_card":"summary_large_image","twitter_misc":{"Dur\u00e9e de lecture estim\u00e9e":"1 minute"},"schema":{"@context":"https:\/\/schema.org","@graph":[{"@type":"WebPage","@id":"https:\/\/galilee.eedf.fr\/wp\/leclanpain\/contacter-le-clan-pain\/","url":"https:\/\/galilee.eedf.fr\/wp\/leclanpain\/contacter-le-clan-pain\/","name":"Contacter le Clan Pain - Le Clan Pain","isPartOf":{"@id":"https:\/\/galilee.eedf.fr\/wp\/leclanpain\/#website"},"datePublished":"2020-09-29T22:35:53+00:00","dateModified":"2024-06-23T10:42:10+00:00","breadcrumb":{"@id":"https:\/\/galilee.eedf.fr\/wp\/leclanpain\/contacter-le-clan-pain\/#breadcrumb"},"inLanguage":"fr-FR","potentialAction":[{"@type":"ReadAction","target":["https:\/\/galilee.eedf.fr\/wp\/leclanpain\/contacter-le-clan-pain\/"]}]},{"@type":"BreadcrumbList","@id":"https:\/\/galilee.eedf.fr\/wp\/leclanpain\/contacter-le-clan-pain\/#breadcrumb","itemListElement":[{"@type":"ListItem","position":1,"name":"Accueil","item":"https:\/\/galilee.eedf.fr\/wp\/leclanpain\/"},{"@type":"ListItem","position":2,"name":"Contacter le Clan Pain"}]},{"@type":"WebSite","@id":"https:\/\/galilee.eedf.fr\/wp\/leclanpain\/#website","url":"https:\/\/galilee.eedf.fr\/wp\/leclanpain\/","name":"Le Clan Pain","description":"Boulange mobile et p\u00e9dagogique","publisher":{"@id":"https:\/\/galilee.eedf.fr\/wp\/leclanpain\/#organization"},"potentialAction":[{"@type":"SearchAction","target":{"@type":"EntryPoint","urlTemplate":"https:\/\/galilee.eedf.fr\/wp\/leclanpain\/?s={search_term_string}"},"query-input":{"@type":"PropertyValueSpecification","valueRequired":true,"valueName":"search_term_string"}}],"inLanguage":"fr-FR"},{"@type":"Organization","@id":"https:\/\/galilee.eedf.fr\/wp\/leclanpain\/#organization","name":"Association \u00c9claireuses \u00c9claireurs de France Midi-Pyr\u00e9n\u00e9es","url":"https:\/\/galilee.eedf.fr\/wp\/leclanpain\/","logo":{"@type":"ImageObject","inLanguage":"fr-FR","@id":"https:\/\/galilee.eedf.fr\/wp\/leclanpain\/#\/schema\/logo\/image\/","url":"","contentUrl":"","caption":"Association \u00c9claireuses \u00c9claireurs de France Midi-Pyr\u00e9n\u00e9es"},"image":{"@id":"https:\/\/galilee.eedf.fr\/wp\/leclanpain\/#\/schema\/logo\/image\/"}}]}},"_links":{"self":[{"href":"https:\/\/galilee.eedf.fr\/wp\/leclanpain\/wp-json\/wp\/v2\/pages\/121","targetHints":{"allow":["GET"]}}],"collection":[{"href":"https:\/\/galilee.eedf.fr\/wp\/leclanpain\/wp-json\/wp\/v2\/pages"}],"about":[{"href":"https:\/\/galilee.eedf.fr\/wp\/leclanpain\/wp-json\/wp\/v2\/types\/page"}],"author":[{"embeddable":true,"href":"https:\/\/galilee.eedf.fr\/wp\/leclanpain\/wp-json\/wp\/v2\/users\/6"}],"replies":[{"embeddable":true,"href":"https:\/\/galilee.eedf.fr\/wp\/leclanpain\/wp-json\/wp\/v2\/comments?post=121"}],"version-history":[{"count":5,"href":"https:\/\/galilee.eedf.fr\/wp\/leclanpain\/wp-json\/wp\/v2\/pages\/121\/revisions"}],"predecessor-version":[{"id":240,"href":"https:\/\/galilee.eedf.fr\/wp\/leclanpain\/wp-json\/wp\/v2\/pages\/121\/revisions\/240"}],"wp:attachment":[{"href":"https:\/\/galilee.eedf.fr\/wp\/leclanpain\/wp-json\/wp\/v2\/media?parent=121"}],"curies":[{"name":"wp","href":"https:\/\/api.w.org\/{rel}","templated":true}]}}