{"id":33,"date":"2017-10-06T18:06:07","date_gmt":"2017-10-06T16:06:07","guid":{"rendered":"http:\/\/localhost\/wordpress\/?page_id=33"},"modified":"2018-03-01T17:20:06","modified_gmt":"2018-03-01T16:20:06","slug":"se-former-a-lanimation","status":"publish","type":"page","link":"https:\/\/galilee.eedf.fr\/wp\/eedfmidipy\/sengager-benevolement\/se-former-a-lanimation\/","title":{"rendered":"Se former \u00e0 l&rsquo;animation"},"content":{"rendered":"\t\t<div data-elementor-type=\"wp-post\" data-elementor-id=\"33\" class=\"elementor elementor-33 elementor-bc-flex-widget\">\n\t\t\t\t\t\t<section class=\"elementor-section elementor-top-section elementor-element elementor-element-264242a elementor-section-boxed elementor-section-height-default elementor-section-height-default\" data-id=\"264242a\" data-element_type=\"section\" data-e-type=\"section\">\n\t\t\t\t\t\t<div class=\"elementor-container elementor-column-gap-default\">\n\t\t\t\t\t<div class=\"elementor-column elementor-col-100 elementor-top-column elementor-element elementor-element-4f13dd9\" data-id=\"4f13dd9\" data-element_type=\"column\" data-e-type=\"column\">\n\t\t\t<div class=\"elementor-widget-wrap elementor-element-populated\">\n\t\t\t\t\t\t<div class=\"elementor-element elementor-element-66272c8 elementor-widget elementor-widget-text-editor\" data-id=\"66272c8\" data-element_type=\"widget\" data-e-type=\"widget\" data-widget_type=\"text-editor.default\">\n\t\t\t\t<div class=\"elementor-widget-container\">\n\t\t\t\t\t\t\t\t\t<h4>Devenir responsable d&rsquo;animation, c&rsquo;est devenir \u00ab\u00a0Respo\u00a0\u00bb chez les \u00e9cl\u00e9s<\/h4><p>Rejoindre un groupe pour se mettre au service de leur projet et encadrer des plus jeunes, c&rsquo;est l&rsquo;occasion de vraiment vivre le scoutisme en \u00e9quipe, d&rsquo;engranger de l&rsquo;exp\u00e9rience et de se former.<\/p>\t\t\t\t\t\t\t\t<\/div>\n\t\t\t\t<\/div>\n\t\t\t\t\t<\/div>\n\t\t<\/div>\n\t\t\t\t\t<\/div>\n\t\t<\/section>\n\t\t\t\t<section class=\"elementor-section elementor-top-section elementor-element elementor-element-5562a49 elementor-section-boxed elementor-section-height-default elementor-section-height-default\" data-id=\"5562a49\" data-element_type=\"section\" data-e-type=\"section\">\n\t\t\t\t\t\t<div class=\"elementor-container elementor-column-gap-default\">\n\t\t\t\t\t<div class=\"elementor-column elementor-col-66 elementor-top-column elementor-element elementor-element-c908cdf\" data-id=\"c908cdf\" data-element_type=\"column\" data-e-type=\"column\">\n\t\t\t<div class=\"elementor-widget-wrap elementor-element-populated\">\n\t\t\t\t\t\t<div class=\"elementor-element elementor-element-d33ac99 elementor-widget elementor-widget-text-editor\" data-id=\"d33ac99\" data-element_type=\"widget\" data-e-type=\"widget\" data-widget_type=\"text-editor.default\">\n\t\t\t\t<div class=\"elementor-widget-container\">\n\t\t\t\t\t\t\t\t\t<h4>\u00catre Respo, c\u2019est\u00a0:<\/h4><ul><li>Accepter de partager le projet \u00e9ducatif des EEDF.<\/li><li>Agir ensemble.<\/li><li>Contribuer \u00e0 l\u2019\u00e9panouissement des enfants et des jeunes dont nous avons la charge en leur faisant d\u00e9couvrir l\u2019aventure du Scoutisme.<\/li><li>Prendre des responsabilit\u00e9s bien d\u00e9finies et tenir ses engagements.<\/li><li>Participer \u00e9galement aux d\u00e9cisions au sein du groupe local mais aussi \u00e0 tous les \u00e9chelons de l\u2019association.<\/li><li>Accepter de travailler en \u00e9quipe, de se r\u00e9partir les taches en \u00e9tant solidaires, de faire ensemble le bilan des activit\u00e9s.<\/li><li>Accepter de se former pour mieux assumer ses responsabilit\u00e9s.<\/li><\/ul>\t\t\t\t\t\t\t\t<\/div>\n\t\t\t\t<\/div>\n\t\t\t\t\t<\/div>\n\t\t<\/div>\n\t\t\t\t<div class=\"elementor-column elementor-col-33 elementor-top-column elementor-element elementor-element-2041557\" data-id=\"2041557\" data-element_type=\"column\" data-e-type=\"column\">\n\t\t\t<div class=\"elementor-widget-wrap elementor-element-populated\">\n\t\t\t\t\t\t<div class=\"elementor-element elementor-element-9b0e80f elementor-widget elementor-widget-image\" data-id=\"9b0e80f\" data-element_type=\"widget\" data-e-type=\"widget\" data-widget_type=\"image.default\">\n\t\t\t\t<div class=\"elementor-widget-container\">\n\t\t\t\t\t\t\t\t\t\t\t\t\t\t\t<img fetchpriority=\"high\" decoding=\"async\" width=\"300\" height=\"300\" src=\"https:\/\/galilee.eedf.fr\/wp\/eedfmidipy\/wp-content\/uploads\/sites\/2\/2017\/12\/plagegalets.jpg\" class=\"attachment-medium size-medium wp-image-1083\" alt=\"\" srcset=\"https:\/\/galilee.eedf.fr\/wp\/eedfmidipy\/wp-content\/uploads\/sites\/2\/2017\/12\/plagegalets.jpg 300w, https:\/\/galilee.eedf.fr\/wp\/eedfmidipy\/wp-content\/uploads\/sites\/2\/2017\/12\/plagegalets-150x150.jpg 150w, https:\/\/galilee.eedf.fr\/wp\/eedfmidipy\/wp-content\/uploads\/sites\/2\/2017\/12\/plagegalets-100x100.jpg 100w\" sizes=\"100vw\" \/>\t\t\t\t\t\t\t\t\t\t\t\t\t\t\t<\/div>\n\t\t\t\t<\/div>\n\t\t\t\t<div class=\"elementor-element elementor-element-753d963 elementor-widget elementor-widget-text-editor\" data-id=\"753d963\" data-element_type=\"widget\" data-e-type=\"widget\" data-widget_type=\"text-editor.default\">\n\t\t\t\t<div class=\"elementor-widget-container\">\n\t\t\t\t\t\t\t\t\t<p style=\"text-align: center;\"><em>Joins ta pierre \u00e0 l&rsquo;\u00e9difice !<\/em><\/p>\t\t\t\t\t\t\t\t<\/div>\n\t\t\t\t<\/div>\n\t\t\t\t\t<\/div>\n\t\t<\/div>\n\t\t\t\t\t<\/div>\n\t\t<\/section>\n\t\t\t\t<section class=\"elementor-section elementor-top-section elementor-element elementor-element-a4e elementor-section-boxed elementor-section-height-default elementor-section-height-default\" data-id=\"a4e\" data-element_type=\"section\" data-e-type=\"section\">\n\t\t\t\t\t\t<div class=\"elementor-container elementor-column-gap-default\">\n\t\t\t\t\t<div class=\"elementor-column elementor-col-100 elementor-top-column elementor-element elementor-element-576f\" data-id=\"576f\" data-element_type=\"column\" data-e-type=\"column\">\n\t\t\t<div class=\"elementor-widget-wrap elementor-element-populated\">\n\t\t\t\t\t\t<div class=\"elementor-element elementor-element-3c7c elementor-widget elementor-widget-text-editor\" data-id=\"3c7c\" data-element_type=\"widget\" data-e-type=\"widget\" data-widget_type=\"text-editor.default\">\n\t\t\t\t<div class=\"elementor-widget-container\">\n\t\t\t\t\t\t\t\t\t<p>Vous envisagez de <a href=\"https:\/\/galilee.eedf.fr\/wp\/eedfmidipy\/nous-rejoindre\/sengager-benevolement\/devenir-animateur\/bafa\/\">passer <strong>le BAFA<\/strong><\/a> ? Votre engagement b\u00e9n\u00e9vole peut aboutir \u00e0 une prise en charge partielle ou totale de la formation !<br \/> Renseignez-vous aupr\u00e8s d&rsquo;<a href=\"https:\/\/galilee.eedf.fr\/wp\/eedfmidipy\/nous-rejoindre\/groupe-pres-de-chez\/\"><strong>un groupe local<\/strong><\/a> pr\u00e8s de chez vous pour conna\u00eetre le rythme des activit\u00e9s propos\u00e9es afin de v\u00e9rifier :<br \/>&#8211; que leur calendrier colle \u00e0 vos disponibilit\u00e9s, <br \/>&#8211; leurs besoins en encadrement <br \/>&#8211; et bien s\u00fbr les modalit\u00e9s de cet \u00e9change entre b\u00e9n\u00e9volat et financement du BAFA.<\/p><p>Pour aller plus loin et apprendre \u00e0 diriger une \u00e9quipe, g\u00e9rer un projet, un budget&#8230; Vous pouvez vous orienter vers la formation au <a href=\"https:\/\/galilee.eedf.fr\/wp\/eedfmidipy\/nous-rejoindre\/sengager-benevolement\/devenir-animateur\/passer-le-bafd\/\"><strong>BAFD<\/strong><\/a>, la suite logique pour celles et ceux qui veulent passer d&rsquo;animateur-trice \u00e0 directeur-trice.<\/p><h4>La\u00a0formation sp\u00e9cifique du cursus Scoutisme Fran\u00e7ais<\/h4><p>Chez les \u00e9cl\u00e9s, comme chez nos cousin-e-s des autres mouvements de scoutisme, les respos sont form\u00e9-e-s en interne sur un cursus sp\u00e9cifique au scoutisme.\u00a0 Cette formation\u00a0appel\u00e9e ASF &#8211; Animateur-trice du Scoutisme Fran\u00e7ais, compl\u00e8te les apports du BAFA ou du BAFD en permettant de construire des comp\u00e9tences sp\u00e9cifiques li\u00e9es \u00e0 l&rsquo;encadrement des camps de scoutisme\u00a0: campisme et vie en pleine nature, \u00e9l\u00e9ments de la m\u00e9thode scoute, propositions p\u00e9dagogiques\u2026<br \/> D\u00e8s son engagement dans la fonction, le-la Respo est reconnu-e au titre de stagiaire ASF. Il-elle acquiert ses comp\u00e9tences sur le terrain de l\u2019animation et b\u00e9n\u00e9ficie d&rsquo;un accompagnement individualis\u00e9 dispens\u00e9 par le groupe local.<\/p><p>Apr\u00e8s l&rsquo;ASF, il est possible de poursuivre avec les autres \u00e9chelons pr\u00e9parant \u00e0 d&rsquo;autres responsabilit\u00e9s aupr\u00e8s des jeunes :<br \/> &#8211; Le RUSF &#8211; Responsable d&rsquo;Unit\u00e9 du Scoutisme Fran\u00e7ais,<br \/> &#8211; Le DSF &#8211; Directeur-trice Scoutisme Fran\u00e7ais.<\/p><h5><a href=\"http:\/\/www.eedf.fr\/jeunes-adultes\/formations\/dans-le-scoutisme.html\">Pour en savoir plus sur le cursus scoutisme fran\u00e7ais<\/a><\/h5>\t\t\t\t\t\t\t\t<\/div>\n\t\t\t\t<\/div>\n\t\t\t\t\t<\/div>\n\t\t<\/div>\n\t\t\t\t\t<\/div>\n\t\t<\/section>\n\t\t\t\t<\/div>\n\t\t","protected":false},"excerpt":{"rendered":"<p>Devenir responsable d&rsquo;animation, c&rsquo;est devenir \u00ab\u00a0Respo\u00a0\u00bb chez les \u00e9cl\u00e9s Rejoindre un groupe pour se mettre au service de leur projet et encadrer des plus jeunes, c&rsquo;est l&rsquo;occasion de vraiment vivre le scoutisme en \u00e9quipe, d&rsquo;engranger de l&rsquo;exp\u00e9rience et de se former. \u00catre Respo, c\u2019est\u00a0: Accepter de partager le projet \u00e9ducatif des EEDF. Agir ensemble. Contribuer &hellip; <\/p>\n<p class=\"link-more\"><a href=\"https:\/\/galilee.eedf.fr\/wp\/eedfmidipy\/sengager-benevolement\/se-former-a-lanimation\/\" class=\"more-link\">Continuer la lecture<span class=\"screen-reader-text\"> de &laquo;&nbsp;Se former \u00e0 l&rsquo;animation&nbsp;&raquo;<\/span><\/a><\/p>\n","protected":false},"author":8,"featured_media":0,"parent":30,"menu_order":2,"comment_status":"closed","ping_status":"closed","template":"","meta":{"footnotes":""},"class_list":["post-33","page","type-page","status-publish","hentry"],"yoast_head":"<!-- This site is optimized with the Yoast SEO plugin v27.5 - https:\/\/yoast.com\/product\/yoast-seo-wordpress\/ -->\n<title>Se former \u00e0 l&#039;animation - Eclaireuses Eclaireurs de France Midi-Pyr\u00e9n\u00e9es<\/title>\n<meta name=\"description\" content=\"Devenir animateur-trice ou &quot;respo&quot; chez les \u00e9cl\u00e9s, c&#039;est rejoindre un groupe pour encadrer des enfants et des jeunes lors de camps de scoutisme\" \/>\n<meta name=\"robots\" content=\"index, follow, max-snippet:-1, max-image-preview:large, max-video-preview:-1\" \/>\n<link rel=\"canonical\" href=\"https:\/\/galilee.eedf.fr\/wp\/eedfmidipy\/sengager-benevolement\/se-former-a-lanimation\/\" \/>\n<meta property=\"og:locale\" content=\"fr_FR\" \/>\n<meta property=\"og:type\" content=\"article\" \/>\n<meta property=\"og:title\" content=\"Se former \u00e0 l&#039;animation - Eclaireuses Eclaireurs de France Midi-Pyr\u00e9n\u00e9es\" \/>\n<meta property=\"og:description\" content=\"Devenir animateur-trice ou &quot;respo&quot; chez les \u00e9cl\u00e9s, c&#039;est rejoindre un groupe pour encadrer des enfants et des jeunes lors de camps de scoutisme\" \/>\n<meta property=\"og:url\" content=\"https:\/\/galilee.eedf.fr\/wp\/eedfmidipy\/sengager-benevolement\/se-former-a-lanimation\/\" \/>\n<meta property=\"og:site_name\" content=\"Eclaireuses Eclaireurs de France Midi-Pyr\u00e9n\u00e9es\" \/>\n<meta property=\"article:modified_time\" content=\"2018-03-01T16:20:06+00:00\" \/>\n<meta property=\"og:image\" content=\"https:\/\/galilee.eedf.fr\/wp\/eedfmidipy\/wp-content\/uploads\/sites\/2\/2017\/12\/plagegalets.jpg\" \/>\n<meta name=\"twitter:card\" content=\"summary_large_image\" \/>\n<meta name=\"twitter:label1\" content=\"Dur\u00e9e de lecture estim\u00e9e\" \/>\n\t<meta name=\"twitter:data1\" content=\"2 minutes\" \/>\n<script type=\"application\/ld+json\" class=\"yoast-schema-graph\">{\"@context\":\"https:\\\/\\\/schema.org\",\"@graph\":[{\"@type\":\"WebPage\",\"@id\":\"https:\\\/\\\/galilee.eedf.fr\\\/wp\\\/eedfmidipy\\\/sengager-benevolement\\\/se-former-a-lanimation\\\/\",\"url\":\"https:\\\/\\\/galilee.eedf.fr\\\/wp\\\/eedfmidipy\\\/sengager-benevolement\\\/se-former-a-lanimation\\\/\",\"name\":\"Se former \u00e0 l'animation - Eclaireuses Eclaireurs de France Midi-Pyr\u00e9n\u00e9es\",\"isPartOf\":{\"@id\":\"https:\\\/\\\/galilee.eedf.fr\\\/wp\\\/eedfmidipy\\\/#website\"},\"primaryImageOfPage\":{\"@id\":\"https:\\\/\\\/galilee.eedf.fr\\\/wp\\\/eedfmidipy\\\/sengager-benevolement\\\/se-former-a-lanimation\\\/#primaryimage\"},\"image\":{\"@id\":\"https:\\\/\\\/galilee.eedf.fr\\\/wp\\\/eedfmidipy\\\/sengager-benevolement\\\/se-former-a-lanimation\\\/#primaryimage\"},\"thumbnailUrl\":\"https:\\\/\\\/galilee.eedf.fr\\\/wp\\\/eedfmidipy\\\/wp-content\\\/uploads\\\/sites\\\/2\\\/2017\\\/12\\\/plagegalets.jpg\",\"datePublished\":\"2017-10-06T16:06:07+00:00\",\"dateModified\":\"2018-03-01T16:20:06+00:00\",\"description\":\"Devenir animateur-trice ou \\\"respo\\\" chez les \u00e9cl\u00e9s, c'est rejoindre un groupe pour encadrer des enfants et des jeunes lors de camps de scoutisme\",\"breadcrumb\":{\"@id\":\"https:\\\/\\\/galilee.eedf.fr\\\/wp\\\/eedfmidipy\\\/sengager-benevolement\\\/se-former-a-lanimation\\\/#breadcrumb\"},\"inLanguage\":\"fr-FR\",\"potentialAction\":[{\"@type\":\"ReadAction\",\"target\":[\"https:\\\/\\\/galilee.eedf.fr\\\/wp\\\/eedfmidipy\\\/sengager-benevolement\\\/se-former-a-lanimation\\\/\"]}]},{\"@type\":\"ImageObject\",\"inLanguage\":\"fr-FR\",\"@id\":\"https:\\\/\\\/galilee.eedf.fr\\\/wp\\\/eedfmidipy\\\/sengager-benevolement\\\/se-former-a-lanimation\\\/#primaryimage\",\"url\":\"https:\\\/\\\/galilee.eedf.fr\\\/wp\\\/eedfmidipy\\\/wp-content\\\/uploads\\\/sites\\\/2\\\/2017\\\/12\\\/plagegalets.jpg\",\"contentUrl\":\"https:\\\/\\\/galilee.eedf.fr\\\/wp\\\/eedfmidipy\\\/wp-content\\\/uploads\\\/sites\\\/2\\\/2017\\\/12\\\/plagegalets.jpg\",\"width\":300,\"height\":300},{\"@type\":\"BreadcrumbList\",\"@id\":\"https:\\\/\\\/galilee.eedf.fr\\\/wp\\\/eedfmidipy\\\/sengager-benevolement\\\/se-former-a-lanimation\\\/#breadcrumb\",\"itemListElement\":[{\"@type\":\"ListItem\",\"position\":1,\"name\":\"Accueil\",\"item\":\"https:\\\/\\\/galilee.eedf.fr\\\/wp\\\/eedfmidipy\\\/\"},{\"@type\":\"ListItem\",\"position\":2,\"name\":\"S&rsquo;engager b\u00e9n\u00e9volement\",\"item\":\"https:\\\/\\\/galilee.eedf.fr\\\/wp\\\/eedfmidipy\\\/sengager-benevolement\\\/\"},{\"@type\":\"ListItem\",\"position\":3,\"name\":\"Se former \u00e0 l&rsquo;animation\"}]},{\"@type\":\"WebSite\",\"@id\":\"https:\\\/\\\/galilee.eedf.fr\\\/wp\\\/eedfmidipy\\\/#website\",\"url\":\"https:\\\/\\\/galilee.eedf.fr\\\/wp\\\/eedfmidipy\\\/\",\"name\":\"Eclaireuses Eclaireurs de France Midi-Pyr\u00e9n\u00e9es\",\"description\":\"\",\"publisher\":{\"@id\":\"https:\\\/\\\/galilee.eedf.fr\\\/wp\\\/eedfmidipy\\\/#organization\"},\"potentialAction\":[{\"@type\":\"SearchAction\",\"target\":{\"@type\":\"EntryPoint\",\"urlTemplate\":\"https:\\\/\\\/galilee.eedf.fr\\\/wp\\\/eedfmidipy\\\/?s={search_term_string}\"},\"query-input\":{\"@type\":\"PropertyValueSpecification\",\"valueRequired\":true,\"valueName\":\"search_term_string\"}}],\"inLanguage\":\"fr-FR\"},{\"@type\":\"Organization\",\"@id\":\"https:\\\/\\\/galilee.eedf.fr\\\/wp\\\/eedfmidipy\\\/#organization\",\"name\":\"Association \u00c9claireuses \u00c9claireurs de France Midi-Pyr\u00e9n\u00e9es\",\"url\":\"https:\\\/\\\/galilee.eedf.fr\\\/wp\\\/eedfmidipy\\\/\",\"logo\":{\"@type\":\"ImageObject\",\"inLanguage\":\"fr-FR\",\"@id\":\"https:\\\/\\\/galilee.eedf.fr\\\/wp\\\/eedfmidipy\\\/#\\\/schema\\\/logo\\\/image\\\/\",\"url\":\"https:\\\/\\\/galilee.eedf.fr\\\/wp\\\/eedfmidipy\\\/wp-content\\\/uploads\\\/sites\\\/2\\\/2017\\\/12\\\/Logo-EEDF-couleur.png\",\"contentUrl\":\"https:\\\/\\\/galilee.eedf.fr\\\/wp\\\/eedfmidipy\\\/wp-content\\\/uploads\\\/sites\\\/2\\\/2017\\\/12\\\/Logo-EEDF-couleur.png\",\"width\":2220,\"height\":2412,\"caption\":\"Association \u00c9claireuses \u00c9claireurs de France Midi-Pyr\u00e9n\u00e9es\"},\"image\":{\"@id\":\"https:\\\/\\\/galilee.eedf.fr\\\/wp\\\/eedfmidipy\\\/#\\\/schema\\\/logo\\\/image\\\/\"}}]}<\/script>\n<!-- \/ Yoast SEO plugin. -->","yoast_head_json":{"title":"Se former \u00e0 l'animation - Eclaireuses Eclaireurs de France Midi-Pyr\u00e9n\u00e9es","description":"Devenir animateur-trice ou \"respo\" chez les \u00e9cl\u00e9s, c'est rejoindre un groupe pour encadrer des enfants et des jeunes lors de camps de scoutisme","robots":{"index":"index","follow":"follow","max-snippet":"max-snippet:-1","max-image-preview":"max-image-preview:large","max-video-preview":"max-video-preview:-1"},"canonical":"https:\/\/galilee.eedf.fr\/wp\/eedfmidipy\/sengager-benevolement\/se-former-a-lanimation\/","og_locale":"fr_FR","og_type":"article","og_title":"Se former \u00e0 l'animation - Eclaireuses Eclaireurs de France Midi-Pyr\u00e9n\u00e9es","og_description":"Devenir animateur-trice ou \"respo\" chez les \u00e9cl\u00e9s, c'est rejoindre un groupe pour encadrer des enfants et des jeunes lors de camps de scoutisme","og_url":"https:\/\/galilee.eedf.fr\/wp\/eedfmidipy\/sengager-benevolement\/se-former-a-lanimation\/","og_site_name":"Eclaireuses Eclaireurs de France Midi-Pyr\u00e9n\u00e9es","article_modified_time":"2018-03-01T16:20:06+00:00","og_image":[{"url":"https:\/\/galilee.eedf.fr\/wp\/eedfmidipy\/wp-content\/uploads\/sites\/2\/2017\/12\/plagegalets.jpg","type":"","width":"","height":""}],"twitter_card":"summary_large_image","twitter_misc":{"Dur\u00e9e de lecture estim\u00e9e":"2 minutes"},"schema":{"@context":"https:\/\/schema.org","@graph":[{"@type":"WebPage","@id":"https:\/\/galilee.eedf.fr\/wp\/eedfmidipy\/sengager-benevolement\/se-former-a-lanimation\/","url":"https:\/\/galilee.eedf.fr\/wp\/eedfmidipy\/sengager-benevolement\/se-former-a-lanimation\/","name":"Se former \u00e0 l'animation - Eclaireuses Eclaireurs de France Midi-Pyr\u00e9n\u00e9es","isPartOf":{"@id":"https:\/\/galilee.eedf.fr\/wp\/eedfmidipy\/#website"},"primaryImageOfPage":{"@id":"https:\/\/galilee.eedf.fr\/wp\/eedfmidipy\/sengager-benevolement\/se-former-a-lanimation\/#primaryimage"},"image":{"@id":"https:\/\/galilee.eedf.fr\/wp\/eedfmidipy\/sengager-benevolement\/se-former-a-lanimation\/#primaryimage"},"thumbnailUrl":"https:\/\/galilee.eedf.fr\/wp\/eedfmidipy\/wp-content\/uploads\/sites\/2\/2017\/12\/plagegalets.jpg","datePublished":"2017-10-06T16:06:07+00:00","dateModified":"2018-03-01T16:20:06+00:00","description":"Devenir animateur-trice ou \"respo\" chez les \u00e9cl\u00e9s, c'est rejoindre un groupe pour encadrer des enfants et des jeunes lors de camps de scoutisme","breadcrumb":{"@id":"https:\/\/galilee.eedf.fr\/wp\/eedfmidipy\/sengager-benevolement\/se-former-a-lanimation\/#breadcrumb"},"inLanguage":"fr-FR","potentialAction":[{"@type":"ReadAction","target":["https:\/\/galilee.eedf.fr\/wp\/eedfmidipy\/sengager-benevolement\/se-former-a-lanimation\/"]}]},{"@type":"ImageObject","inLanguage":"fr-FR","@id":"https:\/\/galilee.eedf.fr\/wp\/eedfmidipy\/sengager-benevolement\/se-former-a-lanimation\/#primaryimage","url":"https:\/\/galilee.eedf.fr\/wp\/eedfmidipy\/wp-content\/uploads\/sites\/2\/2017\/12\/plagegalets.jpg","contentUrl":"https:\/\/galilee.eedf.fr\/wp\/eedfmidipy\/wp-content\/uploads\/sites\/2\/2017\/12\/plagegalets.jpg","width":300,"height":300},{"@type":"BreadcrumbList","@id":"https:\/\/galilee.eedf.fr\/wp\/eedfmidipy\/sengager-benevolement\/se-former-a-lanimation\/#breadcrumb","itemListElement":[{"@type":"ListItem","position":1,"name":"Accueil","item":"https:\/\/galilee.eedf.fr\/wp\/eedfmidipy\/"},{"@type":"ListItem","position":2,"name":"S&rsquo;engager b\u00e9n\u00e9volement","item":"https:\/\/galilee.eedf.fr\/wp\/eedfmidipy\/sengager-benevolement\/"},{"@type":"ListItem","position":3,"name":"Se former \u00e0 l&rsquo;animation"}]},{"@type":"WebSite","@id":"https:\/\/galilee.eedf.fr\/wp\/eedfmidipy\/#website","url":"https:\/\/galilee.eedf.fr\/wp\/eedfmidipy\/","name":"Eclaireuses Eclaireurs de France Midi-Pyr\u00e9n\u00e9es","description":"","publisher":{"@id":"https:\/\/galilee.eedf.fr\/wp\/eedfmidipy\/#organization"},"potentialAction":[{"@type":"SearchAction","target":{"@type":"EntryPoint","urlTemplate":"https:\/\/galilee.eedf.fr\/wp\/eedfmidipy\/?s={search_term_string}"},"query-input":{"@type":"PropertyValueSpecification","valueRequired":true,"valueName":"search_term_string"}}],"inLanguage":"fr-FR"},{"@type":"Organization","@id":"https:\/\/galilee.eedf.fr\/wp\/eedfmidipy\/#organization","name":"Association \u00c9claireuses \u00c9claireurs de France Midi-Pyr\u00e9n\u00e9es","url":"https:\/\/galilee.eedf.fr\/wp\/eedfmidipy\/","logo":{"@type":"ImageObject","inLanguage":"fr-FR","@id":"https:\/\/galilee.eedf.fr\/wp\/eedfmidipy\/#\/schema\/logo\/image\/","url":"https:\/\/galilee.eedf.fr\/wp\/eedfmidipy\/wp-content\/uploads\/sites\/2\/2017\/12\/Logo-EEDF-couleur.png","contentUrl":"https:\/\/galilee.eedf.fr\/wp\/eedfmidipy\/wp-content\/uploads\/sites\/2\/2017\/12\/Logo-EEDF-couleur.png","width":2220,"height":2412,"caption":"Association \u00c9claireuses \u00c9claireurs de France Midi-Pyr\u00e9n\u00e9es"},"image":{"@id":"https:\/\/galilee.eedf.fr\/wp\/eedfmidipy\/#\/schema\/logo\/image\/"}}]}},"_links":{"self":[{"href":"https:\/\/galilee.eedf.fr\/wp\/eedfmidipy\/wp-json\/wp\/v2\/pages\/33","targetHints":{"allow":["GET"]}}],"collection":[{"href":"https:\/\/galilee.eedf.fr\/wp\/eedfmidipy\/wp-json\/wp\/v2\/pages"}],"about":[{"href":"https:\/\/galilee.eedf.fr\/wp\/eedfmidipy\/wp-json\/wp\/v2\/types\/page"}],"author":[{"embeddable":true,"href":"https:\/\/galilee.eedf.fr\/wp\/eedfmidipy\/wp-json\/wp\/v2\/users\/8"}],"replies":[{"embeddable":true,"href":"https:\/\/galilee.eedf.fr\/wp\/eedfmidipy\/wp-json\/wp\/v2\/comments?post=33"}],"version-history":[{"count":9,"href":"https:\/\/galilee.eedf.fr\/wp\/eedfmidipy\/wp-json\/wp\/v2\/pages\/33\/revisions"}],"predecessor-version":[{"id":1738,"href":"https:\/\/galilee.eedf.fr\/wp\/eedfmidipy\/wp-json\/wp\/v2\/pages\/33\/revisions\/1738"}],"up":[{"embeddable":true,"href":"https:\/\/galilee.eedf.fr\/wp\/eedfmidipy\/wp-json\/wp\/v2\/pages\/30"}],"wp:attachment":[{"href":"https:\/\/galilee.eedf.fr\/wp\/eedfmidipy\/wp-json\/wp\/v2\/media?parent=33"}],"curies":[{"name":"wp","href":"https:\/\/api.w.org\/{rel}","templated":true}]}}